{"id":501,"date":"2016-10-03T13:38:16","date_gmt":"2016-10-03T12:38:16","guid":{"rendered":"http:\/\/leblog.wesco.fr\/fr\/?page_id=501"},"modified":"2023-03-03T15:10:18","modified_gmt":"2023-03-03T14:10:18","slug":"qui-sommes-nous","status":"publish","type":"page","link":"https:\/\/leblog.wesco.fr\/fr\/qui-sommes-nous\/","title":{"rendered":"Qui sommes nous ?"},"content":{"rendered":"<p dir=\"ltr\">Depuis 1975 Wesco accompagne le d\u00e9veloppement et l\u2019\u00e9veil de TOUS les enfants.<\/p>\n<p dir=\"ltr\">Nous avons souhait\u00e9 aller plus loin en proposant <strong>un contenu fiable, enrichi par des experts de la petite enfance<\/strong>, d\u00e9di\u00e9 \u00e0 vous accompagner dans cette extraordinaire aventure de la petite enfance.<\/p>\n<p dir=\"ltr\">Aujourd\u2019hui plus que jamais, nos enfants font face \u00e0 un monde en pleine mutation. Le paradigme \u00e9ducationnel \u00e0 chang\u00e9 ! Les neurosciences prouvent \u00e0 quel point un environnement (familiale et extra-familiale) stable, stimulant, aimant et sain est la condition intrins\u00e8que d\u2019un d\u00e9veloppement prometteur du petit d\u2019homme.<\/p>\n<p dir=\"ltr\">Farouchement oppos\u00e9s \u00e0 toute forme de violence \u00e9ducative, nous croyons que l\u2019avenir se joue aujourd\u2019hui. Offrons aux enfants des mod\u00e8les de bienveillance, d\u2019\u00e9coute, d\u2019empathie et de coop\u00e9ration, en mettant toute notre cr\u00e9ativit\u00e9 au service de ces petits g\u00e9nies en devenir.<\/p>\n<p dir=\"ltr\"><strong>Soyons pour les enfants le mod\u00e8le de citoyen que nous souhaitons voir peupler le monde !<\/strong><\/p>\n\n\n<div class=\"wp-block-cover alignwide is-light\" style=\"min-height:280px;aspect-ratio:unset;\"><span aria-hidden=\"true\" class=\"wp-block-cover__background has-background-dim-100 has-background-dim\" style=\"background-color:#f0735c\"><\/span><div class=\"wp-block-cover__inner-container is-layout-flow wp-block-cover-is-layout-flow\">\n<p class=\"has-white-color has-text-color\"><strong>\u00c0 vos c\u00f4t\u00e9s<\/strong><br>Depuis 2016, nos r\u00e9dacteur.rice.s ont mis en ligne plus de 230 articles sur des sujets vari\u00e9s dans un seul but : vous guider au mieux dans la grande aventure du bien grandir et de l\u2019\u00e9panouissement des enfants. Pour qu\u2019ils \u00e9veillent le monde ! \ud83d\ude09<br><br>\u00c0 l\u2019heure o\u00f9 les conseils divers inondent Internet, toute l\u2019\u00e9quipe Wesco souhaite vous le rappeler : chacun.e d\u2019entre vous est libre d\u2019\u00eatre le parent ou le professionnel qu\u2019il ou elle souhaite. Nous traitons ici de nombreuses p\u00e9dagogies et axes d\u2019ouverture sur la parentalit\u00e9, esp\u00e9rant provoquer un \u00e9change, rencontrer vos avis et pourquoi pas, faire \u00e9voluer les n\u00f4tres \u00e0 vos c\u00f4t\u00e9s.<br><br>Si on peut se permettre un tout dernier conseil : \u00e9coutez-vous, \u00e9coutez vos Ptiloups. Gardez ce qui vous convient, laissez de c\u00f4t\u00e9 ce qui va \u00e0 l\u2019encontre de vos valeurs, vos possibilit\u00e9s, \u00e0 l\u2019encontre de qui vous \u00eates. Si vous vous posez la question, c\u2019est que vous \u00eates d\u00e9j\u00e0 le meilleur parent ou accompagnant professionnel pour vos Ptiloups :).<\/p>\n<\/div><\/div>\n\n\n\n<p><\/p>\n\n\n\n<h2 class=\"has-text-align-center wp-block-heading\">L&#8217;\u00e9quipe<\/h2>\n\n\n\n<div class=\"wp-block-columns is-layout-flex wp-container-core-columns-is-layout-9d6595d7 wp-block-columns-is-layout-flex\">\n<div class=\"wp-block-column is-layout-flow wp-block-column-is-layout-flow\" style=\"flex-basis:100%\">\n<figure class=\"wp-block-gallery aligncenter has-nested-images columns-default is-cropped wp-block-gallery-1 is-layout-flex wp-block-gallery-is-layout-flex\">\n<figure class=\"wp-block-image size-large\"><img loading=\"lazy\" decoding=\"async\" width=\"248\" height=\"281\" data-id=\"6602\" src=\"https:\/\/leblog.wesco.fr\/fr\/wp-content\/uploads\/2021\/10\/Caroline_blog.jpg\" alt=\"\" class=\"wp-image-6602\"\/><figcaption class=\"wp-element-caption\"><strong>Caroline Bretaudeau<\/strong><br>charg\u00e9e de communication<\/figcaption><\/figure>\n\n\n\n<figure class=\"wp-block-image size-large\"><img loading=\"lazy\" decoding=\"async\" width=\"248\" height=\"281\" data-id=\"6598\" src=\"https:\/\/leblog.wesco.fr\/fr\/wp-content\/uploads\/2021\/10\/Mathilde_blog.jpg\" alt=\"\" class=\"wp-image-6598\"\/><figcaption class=\"wp-element-caption\"><strong><strong>Mathilde Allin<\/strong><\/strong><br>charg\u00e9e de communication<\/figcaption><\/figure>\n\n\n\n<figure class=\"wp-block-image size-large\"><img loading=\"lazy\" decoding=\"async\" width=\"248\" height=\"281\" data-id=\"6600\" src=\"https:\/\/leblog.wesco.fr\/fr\/wp-content\/uploads\/2021\/10\/Adeline_blog.jpg\" alt=\"\" class=\"wp-image-6600\"\/><figcaption class=\"wp-element-caption\"><strong>Adeline Morini\u00e8re<\/strong><br>charg\u00e9e de communication<\/figcaption><\/figure>\n<\/figure>\n<\/div>\n<\/div>\n\n\n\n<figure class=\"wp-block-gallery aligncenter has-nested-images columns-default is-cropped wp-block-gallery-2 is-layout-flex wp-block-gallery-is-layout-flex\">\n<figure class=\"wp-block-image size-large\"><img loading=\"lazy\" decoding=\"async\" width=\"150\" height=\"170\" data-id=\"4270\" src=\"https:\/\/leblog.wesco.fr\/fr\/wp-content\/uploads\/2020\/09\/Photo-MDG_2.jpg\" alt=\"\" class=\"wp-image-4270\"\/><figcaption class=\"wp-element-caption\"><strong><strong>Marie-Delphine Gerthoffert<\/strong><\/strong><br>Enseignante<\/figcaption><\/figure>\n\n\n\n<figure class=\"wp-block-image size-large\"><img loading=\"lazy\" decoding=\"async\" width=\"150\" height=\"170\" data-id=\"1468\" src=\"https:\/\/leblog.wesco.fr\/fr\/wp-content\/uploads\/2017\/01\/NCVicarini-trombi-1.jpg\" alt=\"\" class=\"wp-image-1468\"\/><figcaption class=\"wp-element-caption\"><strong><strong>Nathalie Casso-Vicarini<\/strong><\/strong><br>Fondatrice d\u2019Ensemble pour l&#8217;\u00c9ducation<\/figcaption><\/figure>\n\n\n\n<figure class=\"wp-block-image size-large\"><img loading=\"lazy\" decoding=\"async\" width=\"150\" height=\"170\" data-id=\"5301\" src=\"https:\/\/leblog.wesco.fr\/fr\/wp-content\/uploads\/2021\/05\/trombiSDupont.jpg\" alt=\"Soline Dupont\" class=\"wp-image-5301\"\/><figcaption class=\"wp-element-caption\"><strong>Soline Dupont<\/strong><br>charg\u00e9e de communication<\/figcaption><\/figure>\n<\/figure>\n","protected":false},"excerpt":{"rendered":"<p>Depuis 1975 Wesco accompagne le d\u00e9veloppement et l\u2019\u00e9veil de TOUS les enfants. Nous avons souhait\u00e9 aller plus loin en proposant un contenu fiable, enrichi par des experts de la petite enfance, d\u00e9di\u00e9 \u00e0 vous accompagner dans cette extraordinaire aventure de la petite enfance. Aujourd\u2019hui plus que jamais, nos enfants font face \u00e0 un monde en pleine mutation. Le paradigme \u00e9ducationnel \u00e0 chang\u00e9 ! Les neurosciences prouvent \u00e0 quel point un environnement (familiale et extra-familiale) stable, stimulant, aimant et sain est la condition intrins\u00e8que d\u2019un d\u00e9veloppement prometteur du petit d\u2019homme. Farouchement oppos\u00e9s \u00e0 toute forme de violence \u00e9ducative, nous croyons que l\u2019avenir se joue aujourd\u2019hui. Offrons aux enfants des mod\u00e8les de bienveillance, d\u2019\u00e9coute, d\u2019empathie et de coop\u00e9ration, en mettant toute notre cr\u00e9ativit\u00e9 au service de ces petits g\u00e9nies en devenir. Soyons pour les enfants le mod\u00e8le [&hellip;]<\/p>\n","protected":false},"author":1,"featured_media":0,"parent":0,"menu_order":0,"comment_status":"closed","ping_status":"closed","template":"","meta":{"_lmt_disableupdate":"","_lmt_disable":"","episode_type":"","audio_file":"","podmotor_file_id":"","podmotor_episode_id":"","cover_image":"","cover_image_id":"","duration":"","filesize":"","filesize_raw":"","date_recorded":"","explicit":"","block":"","itunes_episode_number":"","itunes_title":"","itunes_season_number":"","itunes_episode_type":"","footnotes":""},"class_list":["post-501","page","type-page","status-publish","hentry"],"yoast_head":"<!-- This site is optimized with the Yoast SEO plugin v27.5 - https:\/\/yoast.com\/product\/yoast-seo-wordpress\/ -->\n<title>Qui sommes-nous ? - Le Blog Wesco<\/title>\n<meta name=\"description\" content=\"Pr\u00e9sentation du blog Wesco, de la d\u00e9marche et de l\u2019\u00e9quipe de r\u00e9daction\" \/>\n<meta name=\"robots\" content=\"index, follow, max-snippet:-1, max-image-preview:large, max-video-preview:-1\" \/>\n<link rel=\"canonical\" href=\"https:\/\/leblog.wesco.fr\/fr\/qui-sommes-nous\/\" \/>\n<meta property=\"og:locale\" content=\"fr_FR\" \/>\n<meta property=\"og:type\" content=\"article\" \/>\n<meta property=\"og:title\" content=\"Qui sommes-nous ? - Le Blog Wesco\" \/>\n<meta property=\"og:description\" content=\"Pr\u00e9sentation du blog Wesco, de la d\u00e9marche et de l\u2019\u00e9quipe de r\u00e9daction\" \/>\n<meta property=\"og:url\" content=\"https:\/\/leblog.wesco.fr\/fr\/qui-sommes-nous\/\" \/>\n<meta property=\"og:site_name\" content=\"Blog Wesco\" \/>\n<meta property=\"article:modified_time\" content=\"2023-03-03T14:10:18+00:00\" \/>\n<meta property=\"og:image\" content=\"https:\/\/leblog.wesco.fr\/fr\/wp-content\/uploads\/2021\/10\/Caroline_blog.jpg\" \/>\n<meta name=\"twitter:card\" content=\"summary_large_image\" \/>\n<meta name=\"twitter:label1\" content=\"Dur\u00e9e de lecture estim\u00e9e\" \/>\n\t<meta name=\"twitter:data1\" content=\"3 minutes\" \/>\n<!-- \/ Yoast SEO plugin. -->","yoast_head_json":{"title":"Qui sommes-nous ? - Le Blog Wesco","description":"Pr\u00e9sentation du blog Wesco, de la d\u00e9marche et de l\u2019\u00e9quipe de r\u00e9daction","robots":{"index":"index","follow":"follow","max-snippet":"max-snippet:-1","max-image-preview":"max-image-preview:large","max-video-preview":"max-video-preview:-1"},"canonical":"https:\/\/leblog.wesco.fr\/fr\/qui-sommes-nous\/","og_locale":"fr_FR","og_type":"article","og_title":"Qui sommes-nous ? - Le Blog Wesco","og_description":"Pr\u00e9sentation du blog Wesco, de la d\u00e9marche et de l\u2019\u00e9quipe de r\u00e9daction","og_url":"https:\/\/leblog.wesco.fr\/fr\/qui-sommes-nous\/","og_site_name":"Blog Wesco","article_modified_time":"2023-03-03T14:10:18+00:00","og_image":[{"url":"https:\/\/leblog.wesco.fr\/fr\/wp-content\/uploads\/2021\/10\/Caroline_blog.jpg","type":"","width":"","height":""}],"twitter_card":"summary_large_image","twitter_misc":{"Dur\u00e9e de lecture estim\u00e9e":"3 minutes"},"schema":{"@context":"https:\/\/schema.org","@graph":[{"@type":"WebPage","@id":"https:\/\/leblog.wesco.fr\/fr\/qui-sommes-nous\/","url":"https:\/\/leblog.wesco.fr\/fr\/qui-sommes-nous\/","name":"Qui sommes-nous ? - Le Blog Wesco","isPartOf":{"@id":"https:\/\/leblog.wesco.fr\/fr\/#website"},"primaryImageOfPage":{"@id":"https:\/\/leblog.wesco.fr\/fr\/qui-sommes-nous\/#primaryimage"},"image":{"@id":"https:\/\/leblog.wesco.fr\/fr\/qui-sommes-nous\/#primaryimage"},"thumbnailUrl":"https:\/\/leblog.wesco.fr\/fr\/wp-content\/uploads\/2021\/10\/Caroline_blog.jpg","datePublished":"2016-10-03T12:38:16+00:00","dateModified":"2023-03-03T14:10:18+00:00","description":"Pr\u00e9sentation du blog Wesco, de la d\u00e9marche et de l\u2019\u00e9quipe de r\u00e9daction","breadcrumb":{"@id":"https:\/\/leblog.wesco.fr\/fr\/qui-sommes-nous\/#breadcrumb"},"inLanguage":"fr-FR","potentialAction":[{"@type":"ReadAction","target":["https:\/\/leblog.wesco.fr\/fr\/qui-sommes-nous\/"]}]},{"@type":"ImageObject","inLanguage":"fr-FR","@id":"https:\/\/leblog.wesco.fr\/fr\/qui-sommes-nous\/#primaryimage","url":"https:\/\/leblog.wesco.fr\/fr\/wp-content\/uploads\/2021\/10\/Caroline_blog.jpg","contentUrl":"https:\/\/leblog.wesco.fr\/fr\/wp-content\/uploads\/2021\/10\/Caroline_blog.jpg","width":248,"height":281},{"@type":"BreadcrumbList","@id":"https:\/\/leblog.wesco.fr\/fr\/qui-sommes-nous\/#breadcrumb","itemListElement":[{"@type":"ListItem","position":1,"name":"Accueil","item":"https:\/\/leblog.wesco.fr\/fr\/"},{"@type":"ListItem","position":2,"name":"Qui sommes nous ?"}]},{"@type":"WebSite","@id":"https:\/\/leblog.wesco.fr\/fr\/#website","url":"https:\/\/leblog.wesco.fr\/fr\/","name":"Blog Wesco","description":"Le rendez-vous des enfants, des parents et des professionnels","potentialAction":[{"@type":"SearchAction","target":{"@type":"EntryPoint","urlTemplate":"https:\/\/leblog.wesco.fr\/fr\/?s={search_term_string}"},"query-input":{"@type":"PropertyValueSpecification","valueRequired":true,"valueName":"search_term_string"}}],"inLanguage":"fr-FR"}]}},"_links":{"self":[{"href":"https:\/\/leblog.wesco.fr\/fr\/wp-json\/wp\/v2\/pages\/501","targetHints":{"allow":["GET"]}}],"collection":[{"href":"https:\/\/leblog.wesco.fr\/fr\/wp-json\/wp\/v2\/pages"}],"about":[{"href":"https:\/\/leblog.wesco.fr\/fr\/wp-json\/wp\/v2\/types\/page"}],"author":[{"embeddable":true,"href":"https:\/\/leblog.wesco.fr\/fr\/wp-json\/wp\/v2\/users\/1"}],"replies":[{"embeddable":true,"href":"https:\/\/leblog.wesco.fr\/fr\/wp-json\/wp\/v2\/comments?post=501"}],"version-history":[{"count":12,"href":"https:\/\/leblog.wesco.fr\/fr\/wp-json\/wp\/v2\/pages\/501\/revisions"}],"predecessor-version":[{"id":128387,"href":"https:\/\/leblog.wesco.fr\/fr\/wp-json\/wp\/v2\/pages\/501\/revisions\/128387"}],"wp:attachment":[{"href":"https:\/\/leblog.wesco.fr\/fr\/wp-json\/wp\/v2\/media?parent=501"}],"curies":[{"name":"wp","href":"https:\/\/api.w.org\/{rel}","templated":true}]}}